{"id":1026,"date":"2025-03-28T14:49:54","date_gmt":"2025-03-28T14:49:54","guid":{"rendered":"https:\/\/demo.dartproject.eu\/collaborators\/"},"modified":"2025-12-11T20:36:44","modified_gmt":"2025-12-11T20:36:44","slug":"collaborators","status":"publish","type":"page","link":"https:\/\/dartproject.eu\/es\/collaborators\/","title":{"rendered":"Colaboradores"},"content":{"rendered":"<h2 class=\"wp-block-heading has-light-color-color has-text-color has-link-color wp-elements-ca27d3f9990f596d3a2a9308188dbb08\">Cycling Team WIXUM<\/h2><p>En el marco del Proyecto DART, trabajamos para impulsar una cultura deportiva inclusiva y saludable, donde la actividad f\u00edsica sea accesible y segura para todas las personas, especialmente aquellas que viven con diabetes. Nuestro compromiso se centra en la educaci\u00f3n en salud, la promoci\u00f3n del ejercicio responsable y la creaci\u00f3n de entornos que fomenten la igualdad y el respeto. A trav\u00e9s de talleres y charlas, reforzamos la importancia de la \u00e9tica deportiva y la autogesti\u00f3n de la salud, asegurando que cada participante pueda disfrutar del deporte con confianza y bienestar. Nuestro lema, \u201cLa salud es nuestra base, la honestidad nuestro motor\u201d, refleja la esencia de un proyecto que apuesta por un deporte limpio, justo y adaptado a las necesidades de cada persona.<\/p><figure class=\"wp-block-image size-large is-resized\"><img loading=\"lazy\" decoding=\"async\" width=\"1024\" height=\"534\" src=\"https:\/\/dartproject.eu\/wp-content\/uploads\/2025\/11\/Vida_Contorno_Negro-copy-1024x534.jpg?wsr\" alt=\"\" class=\"wp-image-3515\" style=\"width:276px;height:auto\" srcset=\"https:\/\/dartproject.eu\/wp-content\/uploads\/2025\/11\/Vida_Contorno_Negro-copy-1024x534.jpg 1024w, https:\/\/dartproject.eu\/wp-content\/uploads\/2025\/11\/Vida_Contorno_Negro-copy-300x156.jpg 300w, https:\/\/dartproject.eu\/wp-content\/uploads\/2025\/11\/Vida_Contorno_Negro-copy-768x400.jpg 768w, https:\/\/dartproject.eu\/wp-content\/uploads\/2025\/11\/Vida_Contorno_Negro-copy-1536x801.jpg 1536w, https:\/\/dartproject.eu\/wp-content\/uploads\/2025\/11\/Vida_Contorno_Negro-copy-2048x1068.jpg 2048w, https:\/\/dartproject.eu\/wp-content\/uploads\/2025\/11\/Vida_Contorno_Negro-copy-600x313.jpg 600w\" sizes=\"auto, (max-width: 1024px) 100vw, 1024px\" \/><\/figure><h2 class=\"wp-block-heading has-light-color-color has-text-color has-link-color wp-elements-bbe51a26231ef25134f839edee227f43\"><strong>Vida entrenamiento y salud<\/strong><\/h2><p>Nos sumamos al Proyecto DART como centro comprometido con un estilo de vida activo, seguro e inclusivo para las personas con diabetes. Nuestro trabajo se centra en que el ejercicio sea una herramienta de salud y no un riesgo: dise\u00f1amos programas de entrenamiento adaptados, supervisados por profesionales de la actividad f\u00edsica y la fisioterapia, que tienen en cuenta la situaci\u00f3n cl\u00ednica de cada persona. A trav\u00e9s de sesiones personalizadas, promovemos un estilo de ejercicio responsable, accesible y respetuoso con los ritmos individuales. Compartimos la idea de que la salud es el motor, y por eso apostamos por un ejercicio seguro y ajustado a las necesidades reales de cada persona.<\/p><figure class=\"wp-block-image size-large is-resized\"><img loading=\"lazy\" decoding=\"async\" width=\"1024\" height=\"834\" src=\"https:\/\/dartproject.eu\/wp-content\/uploads\/2025\/11\/logo-avd-1024x834.jpg\" alt=\"\" class=\"wp-image-3527\" style=\"width:237px;height:auto\" srcset=\"https:\/\/dartproject.eu\/wp-content\/uploads\/2025\/11\/logo-avd-1024x834.jpg 1024w, https:\/\/dartproject.eu\/wp-content\/uploads\/2025\/11\/logo-avd-300x244.jpg 300w, https:\/\/dartproject.eu\/wp-content\/uploads\/2025\/11\/logo-avd-768x626.jpg 768w, https:\/\/dartproject.eu\/wp-content\/uploads\/2025\/11\/logo-avd-600x489.jpg 600w, https:\/\/dartproject.eu\/wp-content\/uploads\/2025\/11\/logo-avd.jpg 1080w\" sizes=\"auto, (max-width: 1024px) 100vw, 1024px\" \/><\/figure><h2 class=\"wp-block-heading has-light-color-color has-text-color has-link-color wp-elements-8747a900717af219d22c129cefc51189\">ASOCIACION VALENCIANA DE DIABETES<\/h2><p>La Asociaci\u00f3n Valenciana de Diabetes (AVD), entidad de utilidad p\u00fablica, trabaja para defender los derechos de las personas con diabetes y mejorar su calidad de vida a trav\u00e9s de la educaci\u00f3n, el apoyo y la promoci\u00f3n de h\u00e1bitos de vida saludables. Colaboramos con el proyecto DART para impulsar la difusi\u00f3n de sus recursos y favorecer la inclusi\u00f3n y la pr\u00e1ctica de actividad f\u00edsica en nuestra comunidad.<\/p><figure class=\"wp-block-image size-full is-resized\"><img loading=\"lazy\" decoding=\"async\" width=\"772\" height=\"316\" src=\"https:\/\/dartproject.eu\/wp-content\/uploads\/2025\/12\/LOGO-COLEGIO-MARIA-INMACULADA.png\" alt=\"\" class=\"wp-image-3539\" style=\"width:362px;height:auto\" srcset=\"https:\/\/dartproject.eu\/wp-content\/uploads\/2025\/12\/LOGO-COLEGIO-MARIA-INMACULADA.png 772w, https:\/\/dartproject.eu\/wp-content\/uploads\/2025\/12\/LOGO-COLEGIO-MARIA-INMACULADA-300x123.png 300w, https:\/\/dartproject.eu\/wp-content\/uploads\/2025\/12\/LOGO-COLEGIO-MARIA-INMACULADA-768x314.png 768w, https:\/\/dartproject.eu\/wp-content\/uploads\/2025\/12\/LOGO-COLEGIO-MARIA-INMACULADA-600x246.png 600w\" sizes=\"auto, (max-width: 772px) 100vw, 772px\" \/><\/figure><h2 class=\"wp-block-heading has-light-color-color has-text-color has-link-color wp-elements-9935a2d7fe44611ad457a31c25a01cfd\"><strong>Colegio Maria Immaculada, Puerto Saganto<\/strong><\/h2><p>Somos un centro concertado-privado donde las personas desarrollan su propio talento y aprenden en ambientes transformadores, para descubrir su lugar en el mundo. Siempre desde la alegr\u00eda del Evangelio. Formamos a nuestro alumnado, a quien le damos un papel principal, en los cinco \u00e1mbitos de su persona: f\u00edsico, relacional, emocional, intelectual y espiritual, siempre buscando un clima educativo alegre, familiar, solidario, acogedor y de servicio, potenciando la cercan\u00eda entre todos los miembros de la Comunidad Educativa.<\/p><p>Desde nuestro proyecto de formaci\u00f3n integral, el centro asume el compromiso de promover de manera activa la pr\u00e1ctica regular de actividad f\u00edsica y el ejercicio entre todos los integrantes de la comunidad educativa \u2014alumnado, profesorado, personal del centro y familias\u2014 como parte esencial de un estilo de vida saludable. Este compromiso se refuerza especialmente en contextos de mejora de la salud, impulsando iniciativas espec\u00edficas orientadas al bienestar f\u00edsico y a la prevenci\u00f3n de enfermedades. De manera particular, y en el marco de dicho proyecto, el centro se compromete a fomentar h\u00e1bitos de actividad f\u00edsica adaptados a las necesidades de personas con enfermedades metab\u00f3licas, como la diabetes, contribuyendo as\u00ed al cuidado integral de su salud y a una mejor calidad de vida.<\/p><figure class=\"wp-block-image size-full is-resized\"><img loading=\"lazy\" decoding=\"async\" width=\"679\" height=\"404\" src=\"https:\/\/dartproject.eu\/wp-content\/uploads\/2025\/12\/CLINIC.jpg\" alt=\"\" class=\"wp-image-3547\" style=\"width:337px;height:auto\" srcset=\"https:\/\/dartproject.eu\/wp-content\/uploads\/2025\/12\/CLINIC.jpg 679w, https:\/\/dartproject.eu\/wp-content\/uploads\/2025\/12\/CLINIC-300x178.jpg 300w, https:\/\/dartproject.eu\/wp-content\/uploads\/2025\/12\/CLINIC-600x357.jpg 600w\" sizes=\"auto, (max-width: 679px) 100vw, 679px\" \/><\/figure><h2 class=\"wp-block-heading has-light-color-color has-text-color has-link-color wp-elements-861ca4eaa05ca5da6269437bcf864e8b\"><strong>Betraining Sport Clinic<\/strong><\/h2><p>Betraining participa en el proyecto DART con el prop\u00f3sito de impulsar la actividad f\u00edsica como herramienta para mejorar la salud, el bienestar y la inclusi\u00f3n. Desde nuestro enfoque profesional, trabajamos para optimizar la condici\u00f3n f\u00edsica y favorecer h\u00e1bitos de vida saludables a trav\u00e9s de programas de entrenamiento individualizados.&nbsp;Nuestro trabajo se orienta a mejorar la salud, prevenir lesiones y potenciar el rendimiento mediante intervenciones basadas en la evidencia y adaptadas a las necesidades de cada persona. Apostamos por un modelo de entrenamiento seguro, supervisado y centrado en el acompa\u00f1amiento continuo.&nbsp;Con nuestra colaboraci\u00f3n en DART, reafirmamos el compromiso de promover una comunidad m\u00e1s activa, consciente y orientada al cuidado integral a trav\u00e9s del ejercicio f\u00edsico.<\/p><figure class=\"wp-block-image size-large is-resized\"><img loading=\"lazy\" decoding=\"async\" width=\"1024\" height=\"581\" src=\"https:\/\/dartproject.eu\/wp-content\/uploads\/2025\/12\/cropped-logo-herca-negro_fondoblanco_recortado-1024x581.jpg?wsr\" alt=\"\" class=\"wp-image-3598\" style=\"aspect-ratio:1.762160966981132;width:302px;height:auto\" srcset=\"https:\/\/dartproject.eu\/wp-content\/uploads\/2025\/12\/cropped-logo-herca-negro_fondoblanco_recortado-1024x581.jpg 1024w, https:\/\/dartproject.eu\/wp-content\/uploads\/2025\/12\/cropped-logo-herca-negro_fondoblanco_recortado-300x170.jpg 300w, https:\/\/dartproject.eu\/wp-content\/uploads\/2025\/12\/cropped-logo-herca-negro_fondoblanco_recortado-768x436.jpg 768w, https:\/\/dartproject.eu\/wp-content\/uploads\/2025\/12\/cropped-logo-herca-negro_fondoblanco_recortado-1536x872.jpg 1536w, https:\/\/dartproject.eu\/wp-content\/uploads\/2025\/12\/cropped-logo-herca-negro_fondoblanco_recortado-600x341.jpg 600w, https:\/\/dartproject.eu\/wp-content\/uploads\/2025\/12\/cropped-logo-herca-negro_fondoblanco_recortado.jpg 2000w\" sizes=\"auto, (max-width: 1024px) 100vw, 1024px\" \/><\/figure><h2 class=\"wp-block-heading has-light-color-color has-text-color has-link-color wp-elements-8ac4bb8ed83d2e2e822f52f87e0f337e\">HERCA Club Deportivo<\/h2><p>Los valores del Club Deportivo Herca durante sus 60 a\u00f1os de existencia han sido y son promover la educaci\u00f3n, la salud y el deporte, as\u00ed como la integraci\u00f3n social, los cuales se ajustan perfectamente a los objetivos del proyecto DART. Nuestro enfoque profesional se basa en dise\u00f1ar programas de actividad f\u00edsica adecu\u00e1ndolos a las necesidades de nuestros clientes. Para ello contamos con personal altamente cualificado en contextos tan diversos como la salud y la competici\u00f3n. Colaboramos con el proyecto DART ya que queremos dar a conocer herramientas innovadoras para la mejora en el contexto de la salud.<\/p><figure class=\"wp-block-image size-full is-resized\"><img loading=\"lazy\" decoding=\"async\" width=\"608\" height=\"222\" src=\"https:\/\/dartproject.eu\/wp-content\/uploads\/2025\/12\/Captura-de-pantalla-2025-12-08-a-las-17.31.03.png\" alt=\"\" class=\"wp-image-3619\" style=\"aspect-ratio:2.738861124797635;width:337px;height:auto\" srcset=\"https:\/\/dartproject.eu\/wp-content\/uploads\/2025\/12\/Captura-de-pantalla-2025-12-08-a-las-17.31.03.png 608w, https:\/\/dartproject.eu\/wp-content\/uploads\/2025\/12\/Captura-de-pantalla-2025-12-08-a-las-17.31.03-300x110.png 300w, https:\/\/dartproject.eu\/wp-content\/uploads\/2025\/12\/Captura-de-pantalla-2025-12-08-a-las-17.31.03-600x219.png 600w\" sizes=\"auto, (max-width: 608px) 100vw, 608px\" \/><\/figure><div class=\"wp-block-media-text is-stacked-on-mobile\" style=\"grid-template-columns:16% auto\"><figure class=\"wp-block-media-text__media\"><img loading=\"lazy\" decoding=\"async\" width=\"144\" height=\"144\" src=\"https:\/\/dartproject.eu\/wp-content\/uploads\/2025\/12\/logo-somos2.png\" alt=\"\" class=\"wp-image-3626 size-full\" srcset=\"https:\/\/dartproject.eu\/wp-content\/uploads\/2025\/12\/logo-somos2.png 144w, https:\/\/dartproject.eu\/wp-content\/uploads\/2025\/12\/logo-somos2-100x100.png 100w\" sizes=\"auto, (max-width: 144px) 100vw, 144px\" \/><\/figure><div class=\"wp-block-media-text__content\"><p class=\"has-light-color-color has-text-color has-link-color has-mega-font-size wp-elements-352f1cd4877a4d262c4bb2e573f7c0f2\"><strong>ADIASEV <\/strong><\/p>\n\n<p>ADIASEV colabora con el proyecto DART para&nbsp;<strong>amplificar el acceso a recursos innovadores<\/strong>&nbsp;y de calidad. Al unirse a esta iniciativa, aseguramos que nuestros miembros y la comunidad en general dispongan de herramientas libres y gratuitas que fomenten la formaci\u00f3n, el soporte y la difusi\u00f3n socioeducativa. Apoyamos a DART como un medio clave para ofrecer un&nbsp;<strong>soporte valioso y gratuito<\/strong>&nbsp;a quienes m\u00e1s lo necesitan.<\/p><\/div><\/div><figure class=\"wp-block-image size-large is-resized\"><img loading=\"lazy\" decoding=\"async\" width=\"1024\" height=\"976\" src=\"https:\/\/dartproject.eu\/wp-content\/uploads\/2025\/12\/logo-CECOVA-vertical-2026-1024x976.png\" alt=\"\" class=\"wp-image-3645\" style=\"aspect-ratio:1.0491841329526728;width:250px;height:auto\" srcset=\"https:\/\/dartproject.eu\/wp-content\/uploads\/2025\/12\/logo-CECOVA-vertical-2026-1024x976.png 1024w, https:\/\/dartproject.eu\/wp-content\/uploads\/2025\/12\/logo-CECOVA-vertical-2026-300x286.png 300w, https:\/\/dartproject.eu\/wp-content\/uploads\/2025\/12\/logo-CECOVA-vertical-2026-768x732.png 768w, https:\/\/dartproject.eu\/wp-content\/uploads\/2025\/12\/logo-CECOVA-vertical-2026-1536x1465.png 1536w, https:\/\/dartproject.eu\/wp-content\/uploads\/2025\/12\/logo-CECOVA-vertical-2026-600x572.png 600w, https:\/\/dartproject.eu\/wp-content\/uploads\/2025\/12\/logo-CECOVA-vertical-2026.png 1721w\" sizes=\"auto, (max-width: 1024px) 100vw, 1024px\" \/><\/figure><h2 class=\"wp-block-heading has-light-color-color has-text-color has-link-color wp-elements-1d14df025e96d836ed61d8fc3d0addc8\">CECOVA<\/h2><p>El&nbsp;<strong>Consejo de Enfermer\u00eda de la Comunidad Valenciana(CECOVA)<\/strong>es el \u00d3rgano representativo, coordinador y ejecutivo de los&nbsp;<strong>Colegios de Enfermer\u00eda en la Comunidad Valenciana<\/strong>, constituyendo un colectivo de m\u00e1s de 30.000 profesionales de enfermer\u00eda. Su misi\u00f3n principal es la ordenaci\u00f3n de la profesi\u00f3n, la defensa de los intereses profesionales y la colaboraci\u00f3n con los poderes p\u00fablicos en temas de salud. Colaboramos con el proyecto DART ya que compartimos los objetivos en la promoci\u00f3n de la actividad f\u00edsica, el fomento de un estilo de vida saludable y la mejora en la salud de las personas.<\/p><figure class=\"wp-block-image size-full is-resized\"><img loading=\"lazy\" decoding=\"async\" width=\"886\" height=\"323\" src=\"https:\/\/dartproject.eu\/wp-content\/uploads\/2025\/12\/original-8632B6E5-B745-4621-9287-4AEFD4235DF7.jpeg.jpg\" alt=\"\" class=\"wp-image-3669\" style=\"aspect-ratio:2.743396993092239;width:384px;height:auto\" srcset=\"https:\/\/dartproject.eu\/wp-content\/uploads\/2025\/12\/original-8632B6E5-B745-4621-9287-4AEFD4235DF7.jpeg.jpg 886w, https:\/\/dartproject.eu\/wp-content\/uploads\/2025\/12\/original-8632B6E5-B745-4621-9287-4AEFD4235DF7.jpeg-300x109.jpg 300w, https:\/\/dartproject.eu\/wp-content\/uploads\/2025\/12\/original-8632B6E5-B745-4621-9287-4AEFD4235DF7.jpeg-768x280.jpg 768w, https:\/\/dartproject.eu\/wp-content\/uploads\/2025\/12\/original-8632B6E5-B745-4621-9287-4AEFD4235DF7.jpeg-600x219.jpg 600w\" sizes=\"auto, (max-width: 886px) 100vw, 886px\" \/><\/figure><h2 class=\"wp-block-heading has-light-color-color has-text-color has-link-color wp-elements-03cd630fb84476f04bb05f982f219922\">MARISTAS<\/h2><p>El Colegio Maristas Ntra. Sra. de la Salud es un centro concertado que acompa\u00f1a a cada alumno en su crecimiento personal, acad\u00e9mico y espiritual, desde el carisma marista. Educamos de manera integral, atendiendo las dimensiones f\u00edsica, relacional, emocional, intelectual y espiritual, y creando un ambiente cercano, familiar y acogedor. Uno de nuestros pilares es la promoci\u00f3n del deporte y de la salud. Fomentamos la actividad f\u00edsica regular en toda la comunidad educativa y participamos activamente en proyectos PEAFS, as\u00ed como en talleres de promoci\u00f3n de la salud, que impulsa h\u00e1bitos responsables y conscientes desde edades tempranas. En Maristas Ntra. Sra. de la Salud formamos personas activas, comprometidas y preparadas para la vida.<\/p>","protected":false},"excerpt":{"rendered":"<p>Cycling Team WIXUM En el marco del Proyecto DART, trabajamos para impulsar una cultura deportiva inclusiva y saludable, donde la actividad f\u00edsica sea accesible y segura para todas las personas, especialmente aquellas que viven con diabetes. Nuestro compromiso se centra en la educaci\u00f3n en salud, la promoci\u00f3n del ejercicio responsable y la creaci\u00f3n de entornos&#8230;<\/p>\n","protected":false},"author":1,"featured_media":3193,"parent":0,"menu_order":0,"comment_status":"closed","ping_status":"closed","template":"","meta":{"footnotes":""},"class_list":["post-1026","page","type-page","status-publish","has-post-thumbnail","hentry"],"_links":{"self":[{"href":"https:\/\/dartproject.eu\/es\/wp-json\/wp\/v2\/pages\/1026","targetHints":{"allow":["GET"]}}],"collection":[{"href":"https:\/\/dartproject.eu\/es\/wp-json\/wp\/v2\/pages"}],"about":[{"href":"https:\/\/dartproject.eu\/es\/wp-json\/wp\/v2\/types\/page"}],"author":[{"embeddable":true,"href":"https:\/\/dartproject.eu\/es\/wp-json\/wp\/v2\/users\/1"}],"replies":[{"embeddable":true,"href":"https:\/\/dartproject.eu\/es\/wp-json\/wp\/v2\/comments?post=1026"}],"version-history":[{"count":11,"href":"https:\/\/dartproject.eu\/es\/wp-json\/wp\/v2\/pages\/1026\/revisions"}],"predecessor-version":[{"id":3671,"href":"https:\/\/dartproject.eu\/es\/wp-json\/wp\/v2\/pages\/1026\/revisions\/3671"}],"wp:featuredmedia":[{"embeddable":true,"href":"https:\/\/dartproject.eu\/es\/wp-json\/wp\/v2\/media\/3193"}],"wp:attachment":[{"href":"https:\/\/dartproject.eu\/es\/wp-json\/wp\/v2\/media?parent=1026"}],"curies":[{"name":"wp","href":"https:\/\/api.w.org\/{rel}","templated":true}]}}